{"id":532,"date":"2025-06-02T17:31:07","date_gmt":"2025-06-02T15:31:07","guid":{"rendered":"https:\/\/blamark.com\/palauet\/?page_id=532"},"modified":"2025-06-02T18:25:38","modified_gmt":"2025-06-02T16:25:38","slug":"eventos","status":"publish","type":"page","link":"https:\/\/blamark.com\/palauet\/eventos\/","title":{"rendered":"Eventos"},"content":{"rendered":"\n<div class=\"wp-block-cover alignfull arriba\" style=\"min-height:100vh;aspect-ratio:unset;\"><span aria-hidden=\"true\" class=\"wp-block-cover__background has-theme-palette-3-background-color has-background-dim-30 has-background-dim\"><\/span><img loading=\"lazy\" decoding=\"async\" width=\"2000\" height=\"1334\" class=\"wp-block-cover__image-background wp-image-534\" alt=\"Boda en el Palauet del Priorat\" src=\"https:\/\/blamark.com\/palauet\/wp-content\/uploads\/2025\/06\/Airbrush-Image-Enhancer-1748878235044.jpeg\" data-object-fit=\"cover\" srcset=\"https:\/\/blamark.com\/palauet\/wp-content\/uploads\/2025\/06\/Airbrush-Image-Enhancer-1748878235044.jpeg 2000w, https:\/\/blamark.com\/palauet\/wp-content\/uploads\/2025\/06\/Airbrush-Image-Enhancer-1748878235044-300x200.jpeg 300w, https:\/\/blamark.com\/palauet\/wp-content\/uploads\/2025\/06\/Airbrush-Image-Enhancer-1748878235044-1024x683.jpeg 1024w, https:\/\/blamark.com\/palauet\/wp-content\/uploads\/2025\/06\/Airbrush-Image-Enhancer-1748878235044-768x512.jpeg 768w, https:\/\/blamark.com\/palauet\/wp-content\/uploads\/2025\/06\/Airbrush-Image-Enhancer-1748878235044-1536x1025.jpeg 1536w, https:\/\/blamark.com\/palauet\/wp-content\/uploads\/2025\/06\/Airbrush-Image-Enhancer-1748878235044-600x400.jpeg 600w\" sizes=\"auto, (max-width: 2000px) 100vw, 2000px\" \/><div class=\"wp-block-cover__inner-container is-layout-constrained wp-block-cover-is-layout-constrained\">\n<p class=\"has-text-align-center has-theme-palette-9-color has-text-color has-link-color has-large-font-size wp-elements-9f4d133140109da3d3f240003671a93d\">EVENTOS<\/p>\n<\/div><\/div>\n\n\n\n<div class=\"wp-block-buttons botones is-content-justification-center is-layout-flex wp-container-core-buttons-is-layout-1 wp-block-buttons-is-layout-flex\">\n<div class=\"wp-block-button has-custom-font-size has-small-font-size\"><a class=\"wp-block-button__link has-theme-palette-3-color has-theme-palette-9-background-color has-text-color has-background has-link-color wp-element-button\" href=\"https:\/\/blamark.com\/palauet\/reservas\/\">HAZ AHORA TU RESERVA<\/a><\/div>\n\n\n\n<div class=\"wp-block-button has-custom-font-size has-small-font-size\"><a class=\"wp-block-button__link wp-element-button\" href=\"https:\/\/blamark.com\/palauet\/reservas\/\">COMPRUEBA DISPONIBILIDAD<\/a><\/div>\n<\/div>\n\n\n\n<div class=\"wp-block-columns are-vertically-aligned-center is-layout-flex wp-container-core-columns-is-layout-1 wp-block-columns-is-layout-flex\" style=\"margin-top:var(--wp--preset--spacing--80);margin-bottom:var(--wp--preset--spacing--80)\">\n<div class=\"wp-block-column is-vertically-aligned-center is-layout-flow wp-block-column-is-layout-flow\" style=\"padding-right:var(--wp--preset--spacing--80);padding-left:var(--wp--preset--spacing--80)\">\n<h2 class=\"wp-block-heading has-xxlarge-font-size\"><br>Reuniones de empresa, bodas \u00edntimas, celebraciones familiares&#8230;<\/h2>\n<\/div>\n\n\n\n<div class=\"wp-block-column is-vertically-aligned-center is-layout-flow wp-block-column-is-layout-flow\">\n<p>El Palauet del Priorat se transforma en todo aquello que imagine . Espacios vers\u00e0tiles. Aqu\u00ed todo puede suceder solo hace falta que lo desees \u2026.<\/p>\n<\/div>\n<\/div>\n\n\n\n<div class=\"wp-block-cover\" style=\"padding-right:var(--wp--preset--spacing--80);padding-left:var(--wp--preset--spacing--80)\"><span aria-hidden=\"true\" class=\"wp-block-cover__background has-theme-palette-9-background-color has-background-dim-100 has-background-dim\"><\/span><div class=\"wp-block-cover__inner-container is-layout-constrained wp-container-core-cover-is-layout-2 wp-block-cover-is-layout-constrained\">\n<p class=\"has-text-align-center has-large-font-size\"><\/p>\n\n\n\n<div class=\"wp-block-columns are-vertically-aligned-top has-theme-palette-3-color has-text-color has-link-color wp-elements-e6d0246da7edf7d2848bf6ab7c095de0 is-layout-flex wp-container-core-columns-is-layout-2 wp-block-columns-is-layout-flex\">\n<div class=\"wp-block-column is-vertically-aligned-top is-layout-flow wp-block-column-is-layout-flow\" style=\"flex-basis:66.66%\">\n<p>Con toda seguridad haremos todo lo posible y destinaremos nuestra atenci\u00f3n para que su estancia sea lo m\u00e1s confortable y agradable posible. I para dejar fluir las ideas ponemos a su disposici\u00f3n una sala de 60m2 con luz Natural y chimenea para reuniones y convenciones de empresa con todo lo necesario para su evento corporativo.<\/p>\n\n\n\n<p>Su evento puede ser combinado con servicio de lunch, coffee break, cena almuerzo, rutas enotur\u00edsticas con visitas a vi\u00f1edos y cata de vinos, y puesto que somos punto de informaci\u00f3n del parque natural y podemos ayudarle a organizar su evento para que sea una experiencia inolvidable.<\/p>\n\n\n\n<p><strong>Especial reuni\u00f3n de empresa (una noche)<\/strong><\/p>\n\n\n\n<ul class=\"wp-block-list\">\n<li>1 Noche con alojamiento en habitaci\u00f3n deluxe de uso individual<\/li>\n\n\n\n<li>1 Desayuno<\/li>\n\n\n\n<li>1 Comida o cena a elegir (a la carta)<\/li>\n\n\n\n<li>3 Free corner amb cafes\/ tes\/ infusiones \/ refrescos \/ galletas<\/li>\n<\/ul>\n\n\n\n<p>*A partir de 160 eur por persona\/ dia (+ Iva)<\/p>\n\n\n\n<p>*Alquiler de sala 250 \/ dia ( + Iva)<\/p>\n<\/div>\n\n\n\n<div class=\"wp-block-column is-vertically-aligned-top is-layout-flow wp-block-column-is-layout-flow\" style=\"flex-basis:33.33%\">\n<div class=\"wpcf7 no-js\" id=\"wpcf7-f538-o1\" lang=\"es-ES\" dir=\"ltr\" data-wpcf7-id=\"538\">\n<div class=\"screen-reader-response\"><p role=\"status\" aria-live=\"polite\" aria-atomic=\"true\"><\/p> <ul><\/ul><\/div>\n<form action=\"\/palauet\/wp-json\/wp\/v2\/pages\/532#wpcf7-f538-o1\" method=\"post\" class=\"wpcf7-form init\" aria-label=\"Formulario de contacto\" novalidate=\"novalidate\" data-status=\"init\">\n<fieldset class=\"hidden-fields-container\"><input type=\"hidden\" name=\"_wpcf7\" value=\"538\" \/><input type=\"hidden\" name=\"_wpcf7_version\" value=\"6.1.5\" \/><input type=\"hidden\" name=\"_wpcf7_locale\" value=\"es_ES\" \/><input type=\"hidden\" name=\"_wpcf7_unit_tag\" value=\"wpcf7-f538-o1\" \/><input type=\"hidden\" name=\"_wpcf7_container_post\" value=\"0\" \/><input type=\"hidden\" name=\"_wpcf7_posted_data_hash\" value=\"\" \/>\n<\/fieldset>\n<p><label> Empresa<br \/>\n<span class=\"wpcf7-form-control-wrap\" data-name=\"empresa\"><input size=\"40\" maxlength=\"400\" class=\"wpcf7-form-control wpcf7-text\" aria-invalid=\"false\" value=\"\" type=\"text\" name=\"empresa\" \/><\/span> <\/label>\n<\/p>\n<p><label> Nombre y apellidos<br \/>\n<span class=\"wpcf7-form-control-wrap\" data-name=\"your-name\"><input size=\"40\" maxlength=\"400\" class=\"wpcf7-form-control wpcf7-text wpcf7-validates-as-required\" autocomplete=\"name\" aria-required=\"true\" aria-invalid=\"false\" value=\"\" type=\"text\" name=\"your-name\" \/><\/span> <\/label>\n<\/p>\n<p><label> Tel\u00e9fono<br \/>\n<span class=\"wpcf7-form-control-wrap\" data-name=\"telefono\"><input size=\"40\" maxlength=\"400\" class=\"wpcf7-form-control wpcf7-tel wpcf7-text wpcf7-validates-as-tel\" aria-invalid=\"false\" value=\"\" type=\"tel\" name=\"telefono\" \/><\/span> <\/label>\n<\/p>\n<p><label> E-mail<br \/>\n<span class=\"wpcf7-form-control-wrap\" data-name=\"your-email\"><input size=\"40\" maxlength=\"400\" class=\"wpcf7-form-control wpcf7-email wpcf7-validates-as-required wpcf7-text wpcf7-validates-as-email\" autocomplete=\"email\" aria-required=\"true\" aria-invalid=\"false\" value=\"\" type=\"email\" name=\"your-email\" \/><\/span> <\/label>\n<\/p>\n<p><label> N\u00ba de personas<br \/>\n<span class=\"wpcf7-form-control-wrap\" data-name=\"number-551\"><input class=\"wpcf7-form-control wpcf7-number wpcf7-validates-as-number\" aria-invalid=\"false\" value=\"\" type=\"number\" name=\"number-551\" \/><\/span> <\/label>\n<\/p>\n<p><label> Entrada<br \/>\n<span class=\"wpcf7-form-control-wrap\" data-name=\"entrada\"><input class=\"wpcf7-form-control wpcf7-date wpcf7-validates-as-date\" aria-invalid=\"false\" value=\"\" type=\"date\" name=\"entrada\" \/><\/span> <\/label><br \/>\n<label> Salida<br \/>\n<span class=\"wpcf7-form-control-wrap\" data-name=\"salida\"><input class=\"wpcf7-form-control wpcf7-date wpcf7-validates-as-date\" aria-invalid=\"false\" value=\"\" type=\"date\" name=\"salida\" \/><\/span> <\/label>\n<\/p>\n<p><label> Comentarios (opcional)<br \/>\n<span class=\"wpcf7-form-control-wrap\" data-name=\"your-message\"><textarea cols=\"40\" rows=\"10\" maxlength=\"2000\" class=\"wpcf7-form-control wpcf7-textarea\" aria-invalid=\"false\" name=\"your-message\"><\/textarea><\/span> <\/label>\n<\/p>\n<p><input class=\"wpcf7-form-control wpcf7-submit has-spinner\" type=\"submit\" value=\"Enviar\" \/>\n<\/p><div class=\"wpcf7-response-output\" aria-hidden=\"true\"><\/div>\n<\/form>\n<\/div>\n\n<\/div>\n<\/div>\n\n\n\n<p class=\"has-text-align-center has-large-font-size\"><\/p>\n<\/div><\/div>\n","protected":false},"excerpt":{"rendered":"<p>Reuniones de empresa, bodas \u00edntimas, celebraciones familiares&#8230; El Palauet del Priorat se transforma en todo aquello que imagine . Espacios vers\u00e0tiles. Aqu\u00ed todo puede suceder solo hace falta que lo desees \u2026.<\/p>\n","protected":false},"author":1,"featured_media":0,"parent":0,"menu_order":0,"comment_status":"closed","ping_status":"closed","template":"","meta":{"_kad_post_transparent":"","_kad_post_title":"","_kad_post_layout":"","_kad_post_sidebar_id":"","_kad_post_content_style":"","_kad_post_vertical_padding":"","_kad_post_feature":"","_kad_post_feature_position":"","_kad_post_header":false,"_kad_post_footer":false,"footnotes":""},"class_list":["post-532","page","type-page","status-publish","hentry"],"_links":{"self":[{"href":"https:\/\/blamark.com\/palauet\/wp-json\/wp\/v2\/pages\/532","targetHints":{"allow":["GET"]}}],"collection":[{"href":"https:\/\/blamark.com\/palauet\/wp-json\/wp\/v2\/pages"}],"about":[{"href":"https:\/\/blamark.com\/palauet\/wp-json\/wp\/v2\/types\/page"}],"author":[{"embeddable":true,"href":"https:\/\/blamark.com\/palauet\/wp-json\/wp\/v2\/users\/1"}],"replies":[{"embeddable":true,"href":"https:\/\/blamark.com\/palauet\/wp-json\/wp\/v2\/comments?post=532"}],"version-history":[{"count":10,"href":"https:\/\/blamark.com\/palauet\/wp-json\/wp\/v2\/pages\/532\/revisions"}],"predecessor-version":[{"id":575,"href":"https:\/\/blamark.com\/palauet\/wp-json\/wp\/v2\/pages\/532\/revisions\/575"}],"wp:attachment":[{"href":"https:\/\/blamark.com\/palauet\/wp-json\/wp\/v2\/media?parent=532"}],"curies":[{"name":"wp","href":"https:\/\/api.w.org\/{rel}","templated":true}]}}